{"id":36665,"date":"2024-05-20T18:21:01","date_gmt":"2024-05-20T16:21:01","guid":{"rendered":"https:\/\/neofilologia.uwr.edu.pl\/dziekanat\/"},"modified":"2026-04-22T13:18:11","modified_gmt":"2026-04-22T11:18:11","slug":"dziekanat","status":"publish","type":"page","link":"https:\/\/neofilologia.uwr.edu.pl\/en\/dziekanat\/","title":{"rendered":"Dziekanat"},"content":{"rendered":"\n<div class=\"alignfull wp-block-ugb-container ugb-container bs-konferencje-akordeony ugb-12c4a27 ugb-container--v2 ugb-container--design-plain ugb-main-block\"><style>@media screen and (min-width:768px){.ugb-12c4a27.ugb-container{margin-bottom:0px !important;padding-right:0px !important;padding-bottom:50px !important;padding-left:0px !important}}@media screen and (min-width:768px){.ugb-12c4a27 > .ugb-inner-block > .ugb-block-content > *{padding-top:0px !important;padding-bottom:0px !important;padding-right:0px !important;padding-left:0px !important}}<\/style><div class=\"ugb-inner-block\"><div class=\"ugb-block-content\"><div class=\"ugb-container__wrapper ugb-12c4a27-wrapper\"><div class=\"ugb-container__side\"><div class=\"ugb-container__content-wrapper ugb-12c4a27-content-wrapper\">\n<div class=\"wp-block-media-text alignwide is-stacked-on-mobile is-vertically-aligned-top is-image-fill-element bs-naglowek-szablonu-kolumny\"><figure class=\"wp-block-media-text__media\"><img loading=\"lazy\" decoding=\"async\" width=\"703\" height=\"1024\" src=\"https:\/\/neofilologia.uwr.edu.pl\/wp-content\/uploads\/sites\/546\/2024\/08\/IMG-20240611-WA0005-703x1024.jpg\" alt=\"widok\" class=\"wp-image-31391 size-full\" style=\"object-position:42% 61%\" srcset=\"https:\/\/neofilologia.uwr.edu.pl\/wp-content\/uploads\/sites\/546\/2024\/08\/IMG-20240611-WA0005-703x1024.jpg 703w, https:\/\/neofilologia.uwr.edu.pl\/wp-content\/uploads\/sites\/546\/2024\/08\/IMG-20240611-WA0005-206x300.jpg 206w, https:\/\/neofilologia.uwr.edu.pl\/wp-content\/uploads\/sites\/546\/2024\/08\/IMG-20240611-WA0005-768x1119.jpg 768w, https:\/\/neofilologia.uwr.edu.pl\/wp-content\/uploads\/sites\/546\/2024\/08\/IMG-20240611-WA0005-1054x1536.jpg 1054w, https:\/\/neofilologia.uwr.edu.pl\/wp-content\/uploads\/sites\/546\/2024\/08\/IMG-20240611-WA0005-16x24.jpg 16w, https:\/\/neofilologia.uwr.edu.pl\/wp-content\/uploads\/sites\/546\/2024\/08\/IMG-20240611-WA0005-25x36.jpg 25w, https:\/\/neofilologia.uwr.edu.pl\/wp-content\/uploads\/sites\/546\/2024\/08\/IMG-20240611-WA0005-33x48.jpg 33w, https:\/\/neofilologia.uwr.edu.pl\/wp-content\/uploads\/sites\/546\/2024\/08\/IMG-20240611-WA0005.jpg 1224w\" sizes=\"auto, (max-width: 703px) 100vw, 703px\" \/><\/figure><div class=\"wp-block-media-text__content\">\n<div class=\"wp-block-bonasoft-modular-breadcrumbs-block\"><div class=\"bs_add_breadcrumb_trail\"><\/div><\/div>\n\n\n\n<hr class=\"wp-block-separator has-text-color has-black-color has-css-opacity has-black-background-color has-background is-style-wide bs-border-kontakt\"\/>\n\n\n<h1 style=\"font-style:normal;font-weight:700;\" class=\"bs-naglowek-podstrony wp-block-post-title\">Dziekanat<\/h1>\n\n\n<div style=\"height:30px\" aria-hidden=\"true\" class=\"wp-block-spacer\"><\/div>\n\n\n\n<p><strong>ul. \u015bw. Jadwigi 3\/4<\/strong>&nbsp;<br><strong>50-266 Wroc\u0142aw<\/strong>&nbsp;<br><strong>II pi\u0119tro<\/strong><\/p>\n\n\n\n<p><\/p>\n\n\n\n<h3 class=\"wp-block-heading\"><strong>Godziny przyjmowania interesant\u00f3w<\/strong>&nbsp;<\/h3>\n\n\n\n<ul class=\"wp-block-list\">\n<li>poniedzia\u0142ki: 10:00\u201314:00&nbsp;&nbsp;<\/li>\n\n\n\n<li>wtorki: 10:00\u201314:00&nbsp;&nbsp;<\/li>\n\n\n\n<li>\u015brody: nieczynne&nbsp;&nbsp;<\/li>\n\n\n\n<li>czwartki: 12:00\u201315:00 (w lipcu i sierpniu od 11.00-14.00)<\/li>\n\n\n\n<li>pi\u0105tki: 10:00\u201314:00&nbsp;<strong>UWAGA! 03.04.2026 r. Dziekanat b\u0119dzie czynny do 13.00<\/strong><\/li>\n\n\n\n<li>soboty zjazdowe dla student\u00f3w niestacjonarnych: 09:30\u201313:30\u00a0<\/li>\n<\/ul>\n\n\n\n<p>Zach\u0119camy do za\u0142atwiania spraw poprzez kontakt mailowy z pracownicami dziekanatu.&nbsp;<\/p>\n\n\n\n<p><\/p>\n\n\n<div class=\"bs__links\">\r\n    <div class=\"bs__links__section\">\r\n        <ul class=\"bs__links__list\">\r\n                            <li class=\"bs__links__list__item\">\r\n                    <a href=\"https:\/\/neofilologia.uwr.edu.pl\/studenci\/wzory-wnioskow\/\" class=\"bs__links__list__item__link\">\r\n                        Wzory wniosk\u00f3w \r\n                        <div class=\"bs__links__list__item__link__before__icon\">\r\n                            <div class=\"bs__links__list__item__link__icon\">\r\n                                <svg width=\"40px\" height=\"40px\" viewBox=\"0 0 22 16\" version=\"1.1\">\r\n                                <g stroke=\"none\" strokeWidth=\"1\" fill=\"black\" fillRule=\"evenodd\">\r\n                                    <g>\r\n                                    <polygon points=\"13.4875 0 12 1.6215 18.7875 8 12 14.3795 13.4875 16 21.9995 8\" \/>\r\n                                    <\/g>\r\n                                <\/g>\r\n                                <\/svg>\r\n                            <\/div>\r\n                        <\/div>\r\n                    <\/a>\r\n                <li>\r\n                    <\/ul>\r\n    <\/div>\r\n<\/div><\/div><\/div>\n\n\n\n<div class=\"wp-block-ugb-container ugb-container wladze-wydzialu-kolumny-zdjecia ugb-65c5d64 ugb-container--v2 ugb-container--design-plain ugb-main-block\"><style>@media screen and (min-width:768px){.ugb-65c5d64.ugb-container{margin-bottom:0% !important;margin-right:6% !important;margin-left:6% !important}}@media screen and (min-width:768px){.ugb-65c5d64 > .ugb-inner-block > .ugb-block-content > *{padding-top:0px !important;padding-bottom:0px !important;padding-right:0px !important;padding-left:0px !important}}<\/style><div class=\"ugb-inner-block\"><div class=\"ugb-block-content\"><div class=\"ugb-container__wrapper ugb-65c5d64-wrapper\"><div class=\"ugb-container__side\"><div class=\"ugb-container__content-wrapper ugb-65c5d64-content-wrapper\">\n<h2 class=\"wp-block-heading bs-naglowek-z-kolorem\"><strong>Kierownik dziekanatu<\/strong><\/h2>\n\n\n\n<div class=\"wp-block-ugb-columns ugb-columns ugb-0838c32 ugb-columns--design-plain ugb-columns--columns-2 ugb-main-block\"><div class=\"ugb-inner-block\"><div class=\"ugb-block-content\"><div class=\"ugb-columns__item ugb-0838c32-content-wrapper\">\n<div class=\"wp-block-ugb-column ugb-column ugb-5c04e85 ugb-column--design-plain ugb-main-block\"><div class=\"ugb-inner-block\"><div class=\"ugb-block-content\"><div class=\"ugb-column__item ugb-5c04e85-column-wrapper\"><div class=\"ugb-column__content-wrapper\">\n<div class=\"wp-block-ugb-columns ugb-columns ugb-fdf8689 ugb-columns--design-plain ugb-columns--columns-2 ugb-main-block\"><style>.ugb-fdf8689 > .ugb-inner-block > .ugb-block-content > .ugb-columns__item{grid-template-columns:0.40fr 1.60fr !important}<\/style><div class=\"ugb-inner-block\"><div class=\"ugb-block-content\"><div class=\"ugb-columns__item ugb-fdf8689-content-wrapper\">\n<div class=\"wp-block-ugb-column ugb-column ugb-4efb1f0 ugb-column--design-plain ugb-main-block\"><div class=\"ugb-inner-block\"><div class=\"ugb-block-content\"><div class=\"ugb-column__item ugb-4efb1f0-column-wrapper\"><div class=\"ugb-column__content-wrapper\">\n<figure class=\"wp-block-image size-full\"><img loading=\"lazy\" decoding=\"async\" width=\"1348\" height=\"1256\" src=\"https:\/\/neofilologia.uwr.edu.pl\/wp-content\/uploads\/sites\/546\/2024\/09\/Iwona-Rusowicz.png\" alt=\"Iwona Rusowicz\" class=\"wp-image-34874\" srcset=\"https:\/\/neofilologia.uwr.edu.pl\/wp-content\/uploads\/sites\/546\/2024\/09\/Iwona-Rusowicz.png 1348w, https:\/\/neofilologia.uwr.edu.pl\/wp-content\/uploads\/sites\/546\/2024\/09\/Iwona-Rusowicz-300x280.png 300w, https:\/\/neofilologia.uwr.edu.pl\/wp-content\/uploads\/sites\/546\/2024\/09\/Iwona-Rusowicz-1024x954.png 1024w, https:\/\/neofilologia.uwr.edu.pl\/wp-content\/uploads\/sites\/546\/2024\/09\/Iwona-Rusowicz-768x716.png 768w, https:\/\/neofilologia.uwr.edu.pl\/wp-content\/uploads\/sites\/546\/2024\/09\/Iwona-Rusowicz-1320x1230.png 1320w, https:\/\/neofilologia.uwr.edu.pl\/wp-content\/uploads\/sites\/546\/2024\/09\/Iwona-Rusowicz-24x22.png 24w, https:\/\/neofilologia.uwr.edu.pl\/wp-content\/uploads\/sites\/546\/2024\/09\/Iwona-Rusowicz-36x34.png 36w, https:\/\/neofilologia.uwr.edu.pl\/wp-content\/uploads\/sites\/546\/2024\/09\/Iwona-Rusowicz-48x45.png 48w\" sizes=\"auto, (max-width: 1348px) 100vw, 1348px\" \/><\/figure>\n<\/div><\/div><\/div><\/div><\/div>\n\n\n\n<div class=\"wp-block-ugb-column ugb-column ugb-a8116aa ugb-column--design-plain ugb-main-block\"><div class=\"ugb-inner-block\"><div class=\"ugb-block-content\"><div class=\"ugb-column__item ugb-a8116aa-column-wrapper\"><div class=\"ugb-column__content-wrapper\">\n<h2 class=\"wp-block-heading naglowek-wladze\" id=\"block-748bbb03-745f-4f4b-ad2d-341413ed9e52\">mgr Iwona Rusowicz<\/h2>\n<\/div><\/div><\/div><\/div><\/div>\n<\/div><\/div><\/div><\/div>\n\n\n\n<p class=\"bs-kontakt-text\">tel. +48 71 375 21 53<br>e-mail: <a href=\"mailto:iwona.rusowicz@uwr.edu.pl\">iwona.rusowicz@uwr.edu.pl<\/a><br>pok. 203, II pi\u0119tro (ul. \u015bw. Jadwigi 3\/4)<\/p>\n<\/div><\/div><\/div><\/div><\/div>\n\n\n\n<div class=\"wp-block-ugb-column ugb-column ugb-5a2013c ugb-column--design-plain ugb-main-block\"><div class=\"ugb-inner-block\"><div class=\"ugb-block-content\"><div class=\"ugb-column__item ugb-5a2013c-column-wrapper\"><div class=\"ugb-column__content-wrapper\"><\/div><\/div><\/div><\/div><\/div>\n<\/div><\/div><\/div><\/div>\n\n\n\n<h2 class=\"wp-block-heading bs-naglowek-z-kolorem\"><strong>Studia stacjonarne<\/strong><\/h2>\n\n\n\n<div class=\"wp-block-ugb-columns ugb-columns ugb-1433138 ugb-columns--design-plain ugb-columns--columns-2 ugb-main-block\"><div class=\"ugb-inner-block\"><div class=\"ugb-block-content\"><div class=\"ugb-columns__item ugb-1433138-content-wrapper\">\n<div class=\"wp-block-ugb-column ugb-column ugb-55fe8cb ugb-column--design-plain ugb-main-block\"><div class=\"ugb-inner-block\"><div class=\"ugb-block-content\"><div class=\"ugb-column__item ugb-55fe8cb-column-wrapper\"><div class=\"ugb-column__content-wrapper\">\n<div class=\"wp-block-ugb-columns ugb-columns ugb-a335440 ugb-columns--design-plain ugb-columns--columns-2 ugb-main-block\"><style>.ugb-a335440 > .ugb-inner-block > .ugb-block-content > .ugb-columns__item{grid-template-columns:0.40fr 1.60fr !important}.ugb-a335440-content-wrapper > .ugb-column{align-items:flex-start !important}.ugb-a335440-content-wrapper > .ugb-column > .ugb-inner-block{height:auto !important}<\/style><div class=\"ugb-inner-block\"><div class=\"ugb-block-content\"><div class=\"ugb-columns__item ugb-a335440-content-wrapper\">\n<div class=\"wp-block-ugb-column ugb-column ugb-32f3fc5 ugb-column--design-plain ugb-main-block\"><div class=\"ugb-inner-block\"><div class=\"ugb-block-content\"><div class=\"ugb-column__item ugb-32f3fc5-column-wrapper\"><div class=\"ugb-column__content-wrapper\">\n<figure class=\"wp-block-image size-full\"><img loading=\"lazy\" decoding=\"async\" width=\"806\" height=\"1024\" src=\"https:\/\/neofilologia.uwr.edu.pl\/wp-content\/uploads\/sites\/546\/2026\/01\/DSC_0199PL1-e1768464617437.jpg\" alt=\"Karolina\" class=\"wp-image-52114\" srcset=\"https:\/\/neofilologia.uwr.edu.pl\/wp-content\/uploads\/sites\/546\/2026\/01\/DSC_0199PL1-e1768464617437.jpg 806w, https:\/\/neofilologia.uwr.edu.pl\/wp-content\/uploads\/sites\/546\/2026\/01\/DSC_0199PL1-e1768464617437-236x300.jpg 236w, https:\/\/neofilologia.uwr.edu.pl\/wp-content\/uploads\/sites\/546\/2026\/01\/DSC_0199PL1-e1768464617437-768x976.jpg 768w, https:\/\/neofilologia.uwr.edu.pl\/wp-content\/uploads\/sites\/546\/2026\/01\/DSC_0199PL1-e1768464617437-19x24.jpg 19w, https:\/\/neofilologia.uwr.edu.pl\/wp-content\/uploads\/sites\/546\/2026\/01\/DSC_0199PL1-e1768464617437-28x36.jpg 28w, https:\/\/neofilologia.uwr.edu.pl\/wp-content\/uploads\/sites\/546\/2026\/01\/DSC_0199PL1-e1768464617437-38x48.jpg 38w\" sizes=\"auto, (max-width: 806px) 100vw, 806px\" \/><\/figure>\n<\/div><\/div><\/div><\/div><\/div>\n\n\n\n<div class=\"wp-block-ugb-column ugb-column ugb-e3427c3 ugb-column--design-plain ugb-main-block\"><div class=\"ugb-inner-block\"><div class=\"ugb-block-content\"><div class=\"ugb-column__item ugb-e3427c3-column-wrapper\"><div class=\"ugb-column__content-wrapper\">\n<h2 class=\"wp-block-heading naglowek-wladze\" id=\"block-748bbb03-745f-4f4b-ad2d-341413ed9e52\"><strong>Starszy referent<\/strong><br>mgr in\u017c. Karolina Mak<\/h2>\n<\/div><\/div><\/div><\/div><\/div>\n<\/div><\/div><\/div><\/div>\n\n\n\n<p class=\"bs-kontakt-text\">tel. +48 71 375 21 50<br>e-mail: <a href=\"karolina.mak@uwr.edu.pl\">karolina.mak@uwr.edu.pl<\/a><br>pok. 202, II pi\u0119tro (ul. \u015bw. Jadwigi 3\/4)<\/p>\n\n\n\n<h4 class=\"wp-block-heading\"><strong>Studia I stopnia<\/strong><\/h4>\n\n\n\n<ul class=\"wp-block-list\">\n<li>Anglistyka<\/li>\n\n\n\n<li>Filologia francuska<\/li>\n\n\n\n<li>Filologia hiszpa\u0144ska<\/li>\n\n\n\n<li>Italianistyka<\/li>\n\n\n\n<li>Koreanistyka<\/li>\n\n\n\n<li>Sinologia<\/li>\n\n\n\n<li>Studia \u015br\u00f3dziemnomorskie<\/li>\n<\/ul>\n<\/div><\/div><\/div><\/div><\/div>\n\n\n\n<div class=\"wp-block-ugb-column ugb-column ugb-c6010f0 ugb-column--design-plain ugb-main-block\"><div class=\"ugb-inner-block\"><div class=\"ugb-block-content\"><div class=\"ugb-column__item ugb-c6010f0-column-wrapper\"><div class=\"ugb-column__content-wrapper\">\n<div class=\"wp-block-ugb-columns ugb-columns ugb-675accd ugb-columns--design-plain ugb-columns--columns-2 ugb-main-block\"><style>.ugb-675accd > .ugb-inner-block > .ugb-block-content > .ugb-columns__item{grid-template-columns:0.40fr 1.60fr !important}<\/style><div class=\"ugb-inner-block\"><div class=\"ugb-block-content\"><div class=\"ugb-columns__item ugb-675accd-content-wrapper\">\n<div class=\"wp-block-ugb-column ugb-column ugb-cc8d21e ugb-column--design-plain ugb-main-block\"><div class=\"ugb-inner-block\"><div class=\"ugb-block-content\"><div class=\"ugb-column__item ugb-cc8d21e-column-wrapper\"><div class=\"ugb-column__content-wrapper\">\n<figure class=\"wp-block-image size-large\"><img decoding=\"async\" src=\"https:\/\/neofilologia.uwr.edu.pl\/wp-content\/uploads\/sites\/546\/2024\/09\/Ewelina-Stachurska-2.png\" alt=\"Ewelina\"\/><\/figure>\n<\/div><\/div><\/div><\/div><\/div>\n\n\n\n<div class=\"wp-block-ugb-column ugb-column ugb-0c95cfa ugb-column--design-plain ugb-main-block\"><div class=\"ugb-inner-block\"><div class=\"ugb-block-content\"><div class=\"ugb-column__item ugb-0c95cfa-column-wrapper\"><div class=\"ugb-column__content-wrapper\">\n<h2 class=\"wp-block-heading naglowek-wladze\" id=\"block-748bbb03-745f-4f4b-ad2d-341413ed9e52\"><strong>Specjalista<\/strong><br>mgr Ewelina Go\u0142\u0119biowska<\/h2>\n<\/div><\/div><\/div><\/div><\/div>\n<\/div><\/div><\/div><\/div>\n\n\n\n<p class=\"bs-kontakt-text\">tel. +48 71 375 21 50<br>e-mail:&nbsp;<a href=\"mailto:ewelina.stachurska@uwr.edu.pl\">ewelina.<\/a><a href=\"mailto:ewelina.golebiowska@uwr.edu.pl\">golebiowska<\/a><a href=\"mailto:ewelina.stachurska@uwr.edu.pl\">@uwr.edu.pl<\/a><br>pok. 202, II pi\u0119tro (ul. \u015bw. Jadwigi 3\/4)<\/p>\n\n\n\n<h4 class=\"wp-block-heading\"><strong>Studia I stopnia<\/strong><\/h4>\n\n\n\n<ul class=\"wp-block-list\">\n<li>English for Knowledge, Culture and Innovation<\/li>\n<\/ul>\n\n\n\n<h4 class=\"wp-block-heading\"><strong>Studia II stopnia<\/strong><\/h4>\n\n\n\n<ul class=\"wp-block-list\">\n<li>Anglistyka<\/li>\n\n\n\n<li>Judaistyka<\/li>\n\n\n\n<li>Niderlandystyka<\/li>\n\n\n\n<li>Slawistyka<\/li>\n\n\n\n<li>Studia romanistyczne<\/li>\n\n\n\n<li>Studia \u015br\u00f3dziemnomorskie i klasyczne<\/li>\n<\/ul>\n\n\n\n<h4 class=\"wp-block-heading\"><strong>Studia jednolite magisterskie<\/strong><\/h4>\n\n\n\n<ul class=\"wp-block-list\">\n<li>Literatura \u015bwiatowa: komparatystyka i wielokulturowo\u015b\u0107<\/li>\n<\/ul>\n<\/div><\/div><\/div><\/div><\/div>\n<\/div><\/div><\/div><\/div>\n\n\n\n<div class=\"wp-block-ugb-columns ugb-columns ugb-caceaa1 ugb-columns--design-plain ugb-columns--columns-2 ugb-main-block\"><div class=\"ugb-inner-block\"><div class=\"ugb-block-content\"><div class=\"ugb-columns__item ugb-caceaa1-content-wrapper\">\n<div class=\"wp-block-ugb-column ugb-column ugb-97960f3 ugb-column--design-plain ugb-main-block\"><div class=\"ugb-inner-block\"><div class=\"ugb-block-content\"><div class=\"ugb-column__item ugb-97960f3-column-wrapper\"><div class=\"ugb-column__content-wrapper\">\n<div class=\"wp-block-ugb-columns ugb-columns ugb-b3a5846 ugb-columns--design-plain ugb-columns--columns-2 ugb-main-block\"><style>.ugb-b3a5846 > .ugb-inner-block > .ugb-block-content > .ugb-columns__item{grid-template-columns:0.40fr 1.60fr !important}.ugb-b3a5846-content-wrapper > .ugb-column{align-items:flex-start !important}.ugb-b3a5846-content-wrapper > .ugb-column > .ugb-inner-block{height:auto !important}<\/style><div class=\"ugb-inner-block\"><div class=\"ugb-block-content\"><div class=\"ugb-columns__item ugb-b3a5846-content-wrapper\">\n<div class=\"wp-block-ugb-column ugb-column ugb-a14cda5 ugb-column--design-plain ugb-main-block\"><div class=\"ugb-inner-block\"><div class=\"ugb-block-content\"><div class=\"ugb-column__item ugb-a14cda5-column-wrapper\"><div class=\"ugb-column__content-wrapper\">\n<figure class=\"wp-block-image size-full\"><img loading=\"lazy\" decoding=\"async\" width=\"1920\" height=\"2058\" src=\"https:\/\/neofilologia.uwr.edu.pl\/wp-content\/uploads\/sites\/546\/2025\/05\/Marta_Jung_zdjecie-1.jpg\" alt=\"Marta\" class=\"wp-image-44788\" style=\"object-fit:cover\" srcset=\"https:\/\/neofilologia.uwr.edu.pl\/wp-content\/uploads\/sites\/546\/2025\/05\/Marta_Jung_zdjecie-1.jpg 1920w, https:\/\/neofilologia.uwr.edu.pl\/wp-content\/uploads\/sites\/546\/2025\/05\/Marta_Jung_zdjecie-1-280x300.jpg 280w, https:\/\/neofilologia.uwr.edu.pl\/wp-content\/uploads\/sites\/546\/2025\/05\/Marta_Jung_zdjecie-1-955x1024.jpg 955w, https:\/\/neofilologia.uwr.edu.pl\/wp-content\/uploads\/sites\/546\/2025\/05\/Marta_Jung_zdjecie-1-768x823.jpg 768w, https:\/\/neofilologia.uwr.edu.pl\/wp-content\/uploads\/sites\/546\/2025\/05\/Marta_Jung_zdjecie-1-1433x1536.jpg 1433w, https:\/\/neofilologia.uwr.edu.pl\/wp-content\/uploads\/sites\/546\/2025\/05\/Marta_Jung_zdjecie-1-1911x2048.jpg 1911w, https:\/\/neofilologia.uwr.edu.pl\/wp-content\/uploads\/sites\/546\/2025\/05\/Marta_Jung_zdjecie-1-22x24.jpg 22w, https:\/\/neofilologia.uwr.edu.pl\/wp-content\/uploads\/sites\/546\/2025\/05\/Marta_Jung_zdjecie-1-34x36.jpg 34w, https:\/\/neofilologia.uwr.edu.pl\/wp-content\/uploads\/sites\/546\/2025\/05\/Marta_Jung_zdjecie-1-45x48.jpg 45w\" sizes=\"auto, (max-width: 1920px) 100vw, 1920px\" \/><\/figure>\n<\/div><\/div><\/div><\/div><\/div>\n\n\n\n<div class=\"wp-block-ugb-column ugb-column ugb-477ea03 ugb-column--design-plain ugb-main-block\"><div class=\"ugb-inner-block\"><div class=\"ugb-block-content\"><div class=\"ugb-column__item ugb-477ea03-column-wrapper\"><div class=\"ugb-column__content-wrapper\">\n<h2 class=\"wp-block-heading naglowek-wladze\" id=\"block-748bbb03-745f-4f4b-ad2d-341413ed9e52\"><strong>Starszy referent<\/strong> <br>mgr Marta Jung<\/h2>\n<\/div><\/div><\/div><\/div><\/div>\n<\/div><\/div><\/div><\/div>\n\n\n\n<p class=\"bs-kontakt-text\">tel. +48 71 375 21 51<br>e-mail: <a href=\"dorota.kanus@uwr.edu.pl\">marta.jung@uwr.edu.pl<\/a><br>pok. 201, II pi\u0119tro (ul. \u015bw. Jadwigi 3\/4)<\/p>\n\n\n\n<h4 class=\"wp-block-heading\"><strong>Studia I stopnia<\/strong><\/h4>\n\n\n\n<ul class=\"wp-block-list\">\n<li>Filologia indyjska<\/li>\n\n\n\n<li>Filologia klasyczna<\/li>\n\n\n\n<li>Filologia rosyjska<\/li>\n\n\n\n<li>Filologia czeska<\/li>\n\n\n\n<li>Filologia ukrai\u0144ska<\/li>\n\n\n\n<li>Judaistyka<\/li>\n\n\n\n<li>Niderlandystyka<\/li>\n\n\n\n<li>Filologia chorwacka z j\u0119zykiem serbskim<\/li>\n<\/ul>\n<\/div><\/div><\/div><\/div><\/div>\n\n\n\n<div class=\"wp-block-ugb-column ugb-column ugb-f50a836 ugb-column--design-plain ugb-main-block\"><div class=\"ugb-inner-block\"><div class=\"ugb-block-content\"><div class=\"ugb-column__item ugb-f50a836-column-wrapper\"><div class=\"ugb-column__content-wrapper\"><\/div><\/div><\/div><\/div><\/div>\n<\/div><\/div><\/div><\/div>\n\n\n\n<h2 class=\"wp-block-heading bs-naglowek-z-kolorem\"><strong>Studia niestacjonarne<\/strong><\/h2>\n\n\n\n<div class=\"wp-block-ugb-columns ugb-columns ugb-07a9172 ugb-columns--design-plain ugb-columns--columns-2 ugb-main-block\"><div class=\"ugb-inner-block\"><div class=\"ugb-block-content\"><div class=\"ugb-columns__item ugb-07a9172-content-wrapper\">\n<div class=\"wp-block-ugb-column ugb-column ugb-18ce6b2 ugb-column--design-plain ugb-main-block\"><div class=\"ugb-inner-block\"><div class=\"ugb-block-content\"><div class=\"ugb-column__item ugb-18ce6b2-column-wrapper\"><div class=\"ugb-column__content-wrapper\">\n<div class=\"wp-block-ugb-columns ugb-columns ugb-7c6603f ugb-columns--design-plain ugb-columns--columns-2 ugb-main-block\"><style>.ugb-7c6603f > .ugb-inner-block > .ugb-block-content > .ugb-columns__item{grid-template-columns:0.40fr 1.60fr !important}.ugb-7c6603f-content-wrapper > .ugb-column{align-items:flex-start !important}.ugb-7c6603f-content-wrapper > .ugb-column > .ugb-inner-block{height:auto !important}<\/style><div class=\"ugb-inner-block\"><div class=\"ugb-block-content\"><div class=\"ugb-columns__item ugb-7c6603f-content-wrapper\">\n<div class=\"wp-block-ugb-column ugb-column ugb-caa07a3 ugb-column--design-plain ugb-main-block\"><div class=\"ugb-inner-block\"><div class=\"ugb-block-content\"><div class=\"ugb-column__item ugb-caa07a3-column-wrapper\"><div class=\"ugb-column__content-wrapper\">\n<figure class=\"wp-block-image size-full\"><img loading=\"lazy\" decoding=\"async\" width=\"1920\" height=\"2058\" src=\"https:\/\/neofilologia.uwr.edu.pl\/wp-content\/uploads\/sites\/546\/2025\/05\/Marta_Jung_zdjecie-1.jpg\" alt=\"Marta\" class=\"wp-image-44788\" style=\"object-fit:cover\" srcset=\"https:\/\/neofilologia.uwr.edu.pl\/wp-content\/uploads\/sites\/546\/2025\/05\/Marta_Jung_zdjecie-1.jpg 1920w, https:\/\/neofilologia.uwr.edu.pl\/wp-content\/uploads\/sites\/546\/2025\/05\/Marta_Jung_zdjecie-1-280x300.jpg 280w, https:\/\/neofilologia.uwr.edu.pl\/wp-content\/uploads\/sites\/546\/2025\/05\/Marta_Jung_zdjecie-1-955x1024.jpg 955w, https:\/\/neofilologia.uwr.edu.pl\/wp-content\/uploads\/sites\/546\/2025\/05\/Marta_Jung_zdjecie-1-768x823.jpg 768w, https:\/\/neofilologia.uwr.edu.pl\/wp-content\/uploads\/sites\/546\/2025\/05\/Marta_Jung_zdjecie-1-1433x1536.jpg 1433w, https:\/\/neofilologia.uwr.edu.pl\/wp-content\/uploads\/sites\/546\/2025\/05\/Marta_Jung_zdjecie-1-1911x2048.jpg 1911w, https:\/\/neofilologia.uwr.edu.pl\/wp-content\/uploads\/sites\/546\/2025\/05\/Marta_Jung_zdjecie-1-22x24.jpg 22w, https:\/\/neofilologia.uwr.edu.pl\/wp-content\/uploads\/sites\/546\/2025\/05\/Marta_Jung_zdjecie-1-34x36.jpg 34w, https:\/\/neofilologia.uwr.edu.pl\/wp-content\/uploads\/sites\/546\/2025\/05\/Marta_Jung_zdjecie-1-45x48.jpg 45w\" sizes=\"auto, (max-width: 1920px) 100vw, 1920px\" \/><\/figure>\n<\/div><\/div><\/div><\/div><\/div>\n\n\n\n<div class=\"wp-block-ugb-column ugb-column ugb-e1176d7 ugb-column--design-plain ugb-main-block\"><div class=\"ugb-inner-block\"><div class=\"ugb-block-content\"><div class=\"ugb-column__item ugb-e1176d7-column-wrapper\"><div class=\"ugb-column__content-wrapper\">\n<h2 class=\"wp-block-heading naglowek-wladze\" id=\"block-748bbb03-745f-4f4b-ad2d-341413ed9e52\"><strong>Starszy referent<\/strong> <br>mgr Marta Jung<\/h2>\n<\/div><\/div><\/div><\/div><\/div>\n<\/div><\/div><\/div><\/div>\n\n\n\n<p class=\"bs-kontakt-text\">tel. +48 71 375 21 51 (poniedzia\u0142ek \u2013 pi\u0105tek: pok. 201, II pi\u0119tro (ul. \u015bw. Jadwigi 3\/4)<br>tel. +48 71 375 24 41 (soboty zjazdowe ul. Ku\u017anicza 21-22)<br>e-mail: <a href=\"dorota.kanus@uwr.edu.pl\">marta.jung@uwr.edu.pl<\/a><\/p>\n\n\n\n<h4 class=\"wp-block-heading\"><strong>Studia I stopnia<\/strong><\/h4>\n\n\n\n<ul class=\"wp-block-list\">\n<li>Anglistyka<\/li>\n<\/ul>\n\n\n\n<p><\/p>\n<\/div><\/div><\/div><\/div><\/div>\n\n\n\n<div class=\"wp-block-ugb-column ugb-column ugb-60093f1 ugb-column--design-plain ugb-main-block\"><div class=\"ugb-inner-block\"><div class=\"ugb-block-content\"><div class=\"ugb-column__item ugb-60093f1-column-wrapper\"><div class=\"ugb-column__content-wrapper\">\n<div class=\"wp-block-ugb-columns ugb-columns ugb-783a4cf ugb-columns--design-plain ugb-columns--columns-2 ugb-main-block\"><style>.ugb-783a4cf > .ugb-inner-block > .ugb-block-content > .ugb-columns__item{grid-template-columns:0.40fr 1.60fr !important}<\/style><div class=\"ugb-inner-block\"><div class=\"ugb-block-content\"><div class=\"ugb-columns__item ugb-783a4cf-content-wrapper\">\n<div class=\"wp-block-ugb-column ugb-column ugb-8bfe7a0 ugb-column--design-plain ugb-main-block\"><div class=\"ugb-inner-block\"><div class=\"ugb-block-content\"><div class=\"ugb-column__item ugb-8bfe7a0-column-wrapper\"><div class=\"ugb-column__content-wrapper\">\n<figure class=\"wp-block-image size-full\"><img loading=\"lazy\" decoding=\"async\" width=\"976\" height=\"917\" src=\"https:\/\/neofilologia.uwr.edu.pl\/wp-content\/uploads\/sites\/546\/2024\/09\/Ewelina-Stachurska-2.png\" alt=\"Ewelina Stachurska\" class=\"wp-image-34907\" srcset=\"https:\/\/neofilologia.uwr.edu.pl\/wp-content\/uploads\/sites\/546\/2024\/09\/Ewelina-Stachurska-2.png 976w, https:\/\/neofilologia.uwr.edu.pl\/wp-content\/uploads\/sites\/546\/2024\/09\/Ewelina-Stachurska-2-300x282.png 300w, https:\/\/neofilologia.uwr.edu.pl\/wp-content\/uploads\/sites\/546\/2024\/09\/Ewelina-Stachurska-2-768x722.png 768w, https:\/\/neofilologia.uwr.edu.pl\/wp-content\/uploads\/sites\/546\/2024\/09\/Ewelina-Stachurska-2-24x24.png 24w, https:\/\/neofilologia.uwr.edu.pl\/wp-content\/uploads\/sites\/546\/2024\/09\/Ewelina-Stachurska-2-36x34.png 36w, https:\/\/neofilologia.uwr.edu.pl\/wp-content\/uploads\/sites\/546\/2024\/09\/Ewelina-Stachurska-2-48x45.png 48w\" sizes=\"auto, (max-width: 976px) 100vw, 976px\" \/><\/figure>\n<\/div><\/div><\/div><\/div><\/div>\n\n\n\n<div class=\"wp-block-ugb-column ugb-column ugb-f33157d ugb-column--design-plain ugb-main-block\"><div class=\"ugb-inner-block\"><div class=\"ugb-block-content\"><div class=\"ugb-column__item ugb-f33157d-column-wrapper\"><div class=\"ugb-column__content-wrapper\">\n<h2 class=\"wp-block-heading naglowek-wladze\" id=\"block-748bbb03-745f-4f4b-ad2d-341413ed9e52\"><strong>Specjalista<\/strong><br>mgr Ewelina Go\u0142\u0119biowska<\/h2>\n<\/div><\/div><\/div><\/div><\/div>\n<\/div><\/div><\/div><\/div>\n\n\n\n<p class=\"bs-kontakt-text\">tel. +48 71 375 21 50 (poniedzia\u0142ek \u2013 pi\u0105tek: pok. 201, II pi\u0119tro (ul. \u015bw. Jadwigi 3\/4)<br>tel. +48 71 375 24 41 (soboty zjazdowe ul. Ku\u017anicza 21-22)<br>e-mail:&nbsp;<a href=\"mailto:ewelina.golebiowska@uwr.edu.pl\">ewelina.golebiowska@uwr.edu.pl<\/a><\/p>\n\n\n\n<h4 class=\"wp-block-heading\"><strong>Studia II stopnia<\/strong><\/h4>\n\n\n\n<ul class=\"wp-block-list\">\n<li>Anglistyka<\/li>\n<\/ul>\n\n\n\n<p><\/p>\n<\/div><\/div><\/div><\/div><\/div>\n<\/div><\/div><\/div><\/div>\n\n\n\n<h2 class=\"wp-block-heading bs-naglowek-z-kolorem\"><strong>Sprawy stypendialne<\/strong><\/h2>\n\n\n\n<div class=\"wp-block-ugb-columns ugb-columns ugb-d4b0334 ugb-columns--design-plain ugb-columns--columns-2 ugb-main-block\"><div class=\"ugb-inner-block\"><div class=\"ugb-block-content\"><div class=\"ugb-columns__item ugb-d4b0334-content-wrapper\">\n<div class=\"wp-block-ugb-column ugb-column ugb-09e77d3 ugb-column--design-plain ugb-main-block\"><div class=\"ugb-inner-block\"><div class=\"ugb-block-content\"><div class=\"ugb-column__item ugb-09e77d3-column-wrapper\"><div class=\"ugb-column__content-wrapper\">\n<div class=\"wp-block-ugb-columns ugb-columns ugb-9fc95ef ugb-columns--design-plain ugb-columns--columns-2 ugb-main-block\"><style>.ugb-9fc95ef > .ugb-inner-block > .ugb-block-content > .ugb-columns__item{grid-template-columns:0.40fr 1.60fr !important}<\/style><div class=\"ugb-inner-block\"><div class=\"ugb-block-content\"><div class=\"ugb-columns__item ugb-9fc95ef-content-wrapper\">\n<div class=\"wp-block-ugb-column ugb-column ugb-3ce4f56 ugb-column--design-plain ugb-main-block\"><div class=\"ugb-inner-block\"><div class=\"ugb-block-content\"><div class=\"ugb-column__item ugb-3ce4f56-column-wrapper\"><div class=\"ugb-column__content-wrapper\">\n<figure class=\"wp-block-image size-large\"><img loading=\"lazy\" decoding=\"async\" width=\"1698\" height=\"1796\" src=\"https:\/\/neofilologia.uwr.edu.pl\/wp-content\/uploads\/sites\/546\/2025\/01\/2024-Neofilologia_fot.-Dominika-Hull-Bruska-09-scaled-e1736340174987.jpg\" alt=\"Daria\" class=\"wp-image-40278\" srcset=\"https:\/\/neofilologia.uwr.edu.pl\/wp-content\/uploads\/sites\/546\/2025\/01\/2024-Neofilologia_fot.-Dominika-Hull-Bruska-09-scaled-e1736340174987.jpg 1698w, https:\/\/neofilologia.uwr.edu.pl\/wp-content\/uploads\/sites\/546\/2025\/01\/2024-Neofilologia_fot.-Dominika-Hull-Bruska-09-scaled-e1736340174987-284x300.jpg 284w, https:\/\/neofilologia.uwr.edu.pl\/wp-content\/uploads\/sites\/546\/2025\/01\/2024-Neofilologia_fot.-Dominika-Hull-Bruska-09-scaled-e1736340174987-968x1024.jpg 968w, https:\/\/neofilologia.uwr.edu.pl\/wp-content\/uploads\/sites\/546\/2025\/01\/2024-Neofilologia_fot.-Dominika-Hull-Bruska-09-scaled-e1736340174987-768x812.jpg 768w, https:\/\/neofilologia.uwr.edu.pl\/wp-content\/uploads\/sites\/546\/2025\/01\/2024-Neofilologia_fot.-Dominika-Hull-Bruska-09-scaled-e1736340174987-1452x1536.jpg 1452w, https:\/\/neofilologia.uwr.edu.pl\/wp-content\/uploads\/sites\/546\/2025\/01\/2024-Neofilologia_fot.-Dominika-Hull-Bruska-09-scaled-e1736340174987-1320x1396.jpg 1320w, https:\/\/neofilologia.uwr.edu.pl\/wp-content\/uploads\/sites\/546\/2025\/01\/2024-Neofilologia_fot.-Dominika-Hull-Bruska-09-scaled-e1736340174987-24x24.jpg 24w, https:\/\/neofilologia.uwr.edu.pl\/wp-content\/uploads\/sites\/546\/2025\/01\/2024-Neofilologia_fot.-Dominika-Hull-Bruska-09-scaled-e1736340174987-34x36.jpg 34w, https:\/\/neofilologia.uwr.edu.pl\/wp-content\/uploads\/sites\/546\/2025\/01\/2024-Neofilologia_fot.-Dominika-Hull-Bruska-09-scaled-e1736340174987-45x48.jpg 45w\" sizes=\"auto, (max-width: 1698px) 100vw, 1698px\" \/><\/figure>\n<\/div><\/div><\/div><\/div><\/div>\n\n\n\n<div class=\"wp-block-ugb-column ugb-column ugb-241001b ugb-column--design-plain ugb-main-block\"><div class=\"ugb-inner-block\"><div class=\"ugb-block-content\"><div class=\"ugb-column__item ugb-241001b-column-wrapper\"><div class=\"ugb-column__content-wrapper\">\n<h2 class=\"wp-block-heading naglowek-wladze\" id=\"block-748bbb03-745f-4f4b-ad2d-341413ed9e52\"><strong>Specjalista<\/strong><br>mgr\u202fDaria Ko\u015bcielna<\/h2>\n<\/div><\/div><\/div><\/div><\/div>\n<\/div><\/div><\/div><\/div>\n\n\n\n<p class=\"bs-kontakt-text\">tel. +48 71 375 21 52<br>e-mail:&nbsp;<a href=\"mailto:dziekanat.wn@uwr.edu.pl\"><strong>dziekanat.wn@uwr.edu.pl<\/strong><\/a><br>pok. 203, II pi\u0119tro (ul. \u015bw. Jadwigi 3\/4)<\/p>\n\n\n\n<p>W zwi\u0105zku z d\u0142u\u017csz\u0105 nieobecno\u015bci\u0105 Pani Darii Ko\u015bcielnej, w sprawach stypendialnych prosimy o kontakt mailowy pod adresem: <strong>dziekanat.wn@uwr.edu.pl<\/strong><\/p>\n<\/div><\/div><\/div><\/div><\/div>\n\n\n\n<div class=\"wp-block-ugb-column ugb-column ugb-6230e43 ugb-column--design-plain ugb-main-block\"><div class=\"ugb-inner-block\"><div class=\"ugb-block-content\"><div class=\"ugb-column__item ugb-6230e43-column-wrapper\"><div class=\"ugb-column__content-wrapper\">\n<div class=\"wp-block-ugb-columns ugb-columns ugb-5b53e0b ugb-columns--design-plain ugb-columns--columns-2 ugb-main-block\"><style>.ugb-5b53e0b > .ugb-inner-block > .ugb-block-content > .ugb-columns__item{grid-template-columns:0.40fr 1.60fr !important}<\/style><div class=\"ugb-inner-block\"><div class=\"ugb-block-content\"><div class=\"ugb-columns__item ugb-5b53e0b-content-wrapper\">\n<div class=\"wp-block-ugb-column ugb-column ugb-bff07ad ugb-column--design-plain ugb-main-block\"><div class=\"ugb-inner-block\"><div class=\"ugb-block-content\"><div class=\"ugb-column__item ugb-bff07ad-column-wrapper\"><div class=\"ugb-column__content-wrapper\">\n<figure class=\"wp-block-image size-full\"><img loading=\"lazy\" decoding=\"async\" width=\"772\" height=\"750\" src=\"https:\/\/neofilologia.uwr.edu.pl\/wp-content\/uploads\/sites\/546\/2026\/01\/b37bb16e-63ad-4af2-88ac-809117487c90.jpg\" alt=\"Ania\" class=\"wp-image-52387\" srcset=\"https:\/\/neofilologia.uwr.edu.pl\/wp-content\/uploads\/sites\/546\/2026\/01\/b37bb16e-63ad-4af2-88ac-809117487c90.jpg 772w, https:\/\/neofilologia.uwr.edu.pl\/wp-content\/uploads\/sites\/546\/2026\/01\/b37bb16e-63ad-4af2-88ac-809117487c90-300x291.jpg 300w, https:\/\/neofilologia.uwr.edu.pl\/wp-content\/uploads\/sites\/546\/2026\/01\/b37bb16e-63ad-4af2-88ac-809117487c90-768x746.jpg 768w, https:\/\/neofilologia.uwr.edu.pl\/wp-content\/uploads\/sites\/546\/2026\/01\/b37bb16e-63ad-4af2-88ac-809117487c90-24x24.jpg 24w, https:\/\/neofilologia.uwr.edu.pl\/wp-content\/uploads\/sites\/546\/2026\/01\/b37bb16e-63ad-4af2-88ac-809117487c90-36x36.jpg 36w, https:\/\/neofilologia.uwr.edu.pl\/wp-content\/uploads\/sites\/546\/2026\/01\/b37bb16e-63ad-4af2-88ac-809117487c90-48x48.jpg 48w\" sizes=\"auto, (max-width: 772px) 100vw, 772px\" \/><\/figure>\n<\/div><\/div><\/div><\/div><\/div>\n\n\n\n<div class=\"wp-block-ugb-column ugb-column ugb-25da307 ugb-column--design-plain ugb-main-block\"><div class=\"ugb-inner-block\"><div class=\"ugb-block-content\"><div class=\"ugb-column__item ugb-25da307-column-wrapper\"><div class=\"ugb-column__content-wrapper\">\n<h2 class=\"wp-block-heading naglowek-wladze\" id=\"block-748bbb03-745f-4f4b-ad2d-341413ed9e52\"><strong>Starszy referent<\/strong><br>mgr\u202fAnna Muszy\u0144ska<\/h2>\n<\/div><\/div><\/div><\/div><\/div>\n<\/div><\/div><\/div><\/div>\n\n\n\n<p><\/p>\n\n\n\n<p class=\"bs-kontakt-text\">tel. +48 71 375 21 52<br>e-mail:&nbsp;<a href=\"mailto:dziekanat.wn@uwr.edu.pl\"><strong>dziekanat.wn@uwr.edu.pl<\/strong><\/a><br>           <a href=\"mailto:anna.muszynska2@uwr.edu.pl\"><strong>anna.muszynska2@uwr.edu.pl<\/strong><\/a><br>pok. 203, II pi\u0119tro (ul. \u015bw. Jadwigi 3\/4)<\/p>\n<\/div><\/div><\/div><\/div><\/div>\n<\/div><\/div><\/div><\/div>\n<\/div><\/div><\/div><\/div><\/div><\/div>\n<\/div><\/div><\/div><\/div><\/div><\/div>\n","protected":false},"excerpt":{"rendered":"<p>ul. \u015bw. Jadwigi 3\/4&nbsp;50-266 Wroc\u0142aw&nbsp;II pi\u0119tro Godziny przyjmowania interesant\u00f3w&nbsp; Zach\u0119camy do za\u0142atwiania spraw poprzez kontakt mailowy z pracownicami dziekanatu.&nbsp; Kierownik dziekanatu mgr Iwona Rusowicz tel. +48 71 375 21 53e-mail: iwona.rusowicz@uwr.edu.plpok. 203, II pi\u0119tro (ul. \u015bw. Jadwigi 3\/4) Studia stacjonarne Starszy referentmgr in\u017c. Karolina Mak tel. +48 71 375 21 50e-mail: karolina.mak@uwr.edu.plpok. 202, II pi\u0119tro [&hellip;]<\/p>\n","protected":false},"author":37,"featured_media":24784,"parent":0,"menu_order":1,"comment_status":"closed","ping_status":"closed","template":"","meta":{"_acf_changed":false,"inline_featured_image":false,"site-sidebar-layout":"default","site-content-layout":"","ast-site-content-layout":"default","site-content-style":"default","site-sidebar-style":"default","ast-global-header-display":"","ast-banner-title-visibility":"","ast-main-header-display":"","ast-hfb-above-header-display":"","ast-hfb-below-header-display":"","ast-hfb-mobile-header-display":"","site-post-title":"","ast-breadcrumbs-content":"","ast-featured-img":"","footer-sml-layout":"","ast-disable-related-posts":"","theme-transparent-header-meta":"","adv-header-id-meta":"","stick-header-meta":"","header-above-stick-meta":"","header-main-stick-meta":"","header-below-stick-meta":"","astra-migrate-meta-layouts":"set","ast-page-background-enabled":"default","ast-page-background-meta":{"desktop":{"background-color":"","background-image":"","background-repeat":"repeat","background-position":"center center","background-size":"auto","background-attachment":"scroll","background-type":"","background-media":"","overlay-type":"","overlay-color":"","overlay-opacity":"","overlay-gradient":""},"tablet":{"background-color":"","background-image":"","background-repeat":"repeat","background-position":"center center","background-size":"auto","background-attachment":"scroll","background-type":"","background-media":"","overlay-type":"","overlay-color":"","overlay-opacity":"","overlay-gradient":""},"mobile":{"background-color":"","background-image":"","background-repeat":"repeat","background-position":"center center","background-size":"auto","background-attachment":"scroll","background-type":"","background-media":"","overlay-type":"","overlay-color":"","overlay-opacity":"","overlay-gradient":""}},"ast-content-background-meta":{"desktop":{"background-color":"var(--ast-global-color-5)","background-image":"","background-repeat":"repeat","background-position":"center center","background-size":"auto","background-attachment":"scroll","background-type":"","background-media":"","overlay-type":"","overlay-color":"","overlay-opacity":"","overlay-gradient":""},"tablet":{"background-color":"var(--ast-global-color-5)","background-image":"","background-repeat":"repeat","background-position":"center center","background-size":"auto","background-attachment":"scroll","background-type":"","background-media":"","overlay-type":"","overlay-color":"","overlay-opacity":"","overlay-gradient":""},"mobile":{"background-color":"var(--ast-global-color-5)","background-image":"","background-repeat":"repeat","background-position":"center center","background-size":"auto","background-attachment":"scroll","background-type":"","background-media":"","overlay-type":"","overlay-color":"","overlay-opacity":"","overlay-gradient":""}},"footnotes":""},"categories":[],"tags":[],"class_list":["post-36665","page","type-page","status-publish","has-post-thumbnail","hentry"],"featured_image_urls_v2":{"full":["https:\/\/neofilologia.uwr.edu.pl\/wp-content\/uploads\/sites\/546\/2024\/06\/Piasek_schody-scaled.jpg",2560,1707,false],"thumbnail":["https:\/\/neofilologia.uwr.edu.pl\/wp-content\/uploads\/sites\/546\/2024\/06\/Piasek_schody-150x150.jpg",150,150,true],"medium":["https:\/\/neofilologia.uwr.edu.pl\/wp-content\/uploads\/sites\/546\/2024\/06\/Piasek_schody-300x200.jpg",300,200,true],"medium_large":["https:\/\/neofilologia.uwr.edu.pl\/wp-content\/uploads\/sites\/546\/2024\/06\/Piasek_schody-768x512.jpg",768,512,true],"large":["https:\/\/neofilologia.uwr.edu.pl\/wp-content\/uploads\/sites\/546\/2024\/06\/Piasek_schody-1024x683.jpg",1024,683,true],"1536x1536":["https:\/\/neofilologia.uwr.edu.pl\/wp-content\/uploads\/sites\/546\/2024\/06\/Piasek_schody-1536x1024.jpg",1536,1024,true],"2048x2048":["https:\/\/neofilologia.uwr.edu.pl\/wp-content\/uploads\/sites\/546\/2024\/06\/Piasek_schody-2048x1365.jpg",2048,1365,true],"menu-24x24":["https:\/\/neofilologia.uwr.edu.pl\/wp-content\/uploads\/sites\/546\/2024\/06\/Piasek_schody-24x16.jpg",24,16,true],"menu-36x36":["https:\/\/neofilologia.uwr.edu.pl\/wp-content\/uploads\/sites\/546\/2024\/06\/Piasek_schody-36x24.jpg",36,24,true],"menu-48x48":["https:\/\/neofilologia.uwr.edu.pl\/wp-content\/uploads\/sites\/546\/2024\/06\/Piasek_schody-48x32.jpg",48,32,true]},"post_excerpt_stackable_v2":"<p>Dziekanat ul. \u015bw. Jadwigi 3\/4&nbsp;50-266 Wroc\u0142aw&nbsp;II pi\u0119tro Godziny przyjmowania interesant\u00f3w&nbsp; poniedzia\u0142ki: 10:00\u201314:00&nbsp;&nbsp; wtorki: 10:00\u201314:00&nbsp;&nbsp; \u015brody: nieczynne&nbsp;&nbsp; czwartki: 12:00\u201315:00 (w lipcu i sierpniu od 11.00-14.00) pi\u0105tki: 10:00\u201314:00&nbsp;UWAGA! 03.04.2026 r. Dziekanat b\u0119dzie czynny do 13.00 soboty zjazdowe dla student\u00f3w niestacjonarnych: 09:30\u201313:30\u00a0 Zach\u0119camy do za\u0142atwiania spraw poprzez kontakt mailowy z pracownicami dziekanatu.&nbsp; Wzory wniosk\u00f3w Kierownik dziekanatu mgr Iwona Rusowicz tel. +48 71 375 21 53e-mail: iwona.rusowicz@uwr.edu.plpok. 203, II pi\u0119tro (ul. \u015bw. Jadwigi 3\/4) Studia stacjonarne Starszy referentmgr in\u017c. Karolina Mak tel. +48 71 375 21 50e-mail: karolina.mak@uwr.edu.plpok. 202, II pi\u0119tro (ul. \u015bw. Jadwigi 3\/4) Studia I stopnia Anglistyka Filologia francuska Filologia hiszpa\u0144ska Italianistyka&hellip;<\/p>\n","category_list_v2":"Uncategorized","author_info_v2":{"name":"Izabela Jaraszek","url":"https:\/\/neofilologia.uwr.edu.pl\/en\/author\/ijaraszek\/"},"comments_num_v2":"0 comments","acf":[],"yoast_head":"<!-- This site is optimized with the Yoast SEO plugin v27.1.1 - https:\/\/yoast.com\/product\/yoast-seo-wordpress\/ -->\n<title>Dziekanat - Wydzia\u0142 Neofilologii<\/title>\n<meta name=\"robots\" content=\"index, follow, max-snippet:-1, max-image-preview:large, max-video-preview:-1\" \/>\n<link rel=\"canonical\" href=\"https:\/\/neofilologia.uwr.edu.pl\/en\/dziekanat\/\" \/>\n<meta property=\"og:locale\" content=\"en_US\" \/>\n<meta property=\"og:type\" content=\"article\" \/>\n<meta property=\"og:title\" content=\"Dziekanat - Wydzia\u0142 Neofilologii\" \/>\n<meta property=\"og:description\" content=\"ul. \u015bw. Jadwigi 3\/4&nbsp;50-266 Wroc\u0142aw&nbsp;II pi\u0119tro Godziny przyjmowania interesant\u00f3w&nbsp; Zach\u0119camy do za\u0142atwiania spraw poprzez kontakt mailowy z pracownicami dziekanatu.&nbsp; Kierownik dziekanatu mgr Iwona Rusowicz tel. +48 71 375 21 53e-mail: iwona.rusowicz@uwr.edu.plpok. 203, II pi\u0119tro (ul. \u015bw. Jadwigi 3\/4) Studia stacjonarne Starszy referentmgr in\u017c. Karolina Mak tel. +48 71 375 21 50e-mail: karolina.mak@uwr.edu.plpok. 202, II pi\u0119tro [&hellip;]\" \/>\n<meta property=\"og:url\" content=\"https:\/\/neofilologia.uwr.edu.pl\/en\/dziekanat\/\" \/>\n<meta property=\"og:site_name\" content=\"Wydzia\u0142 Neofilologii\" \/>\n<meta property=\"article:modified_time\" content=\"2026-04-22T11:18:11+00:00\" \/>\n<meta property=\"og:image\" content=\"https:\/\/neofilologia.uwr.edu.pl\/wp-content\/uploads\/sites\/546\/2024\/06\/Piasek_schody-scaled.jpg\" \/>\n\t<meta property=\"og:image:width\" content=\"2560\" \/>\n\t<meta property=\"og:image:height\" content=\"1707\" \/>\n\t<meta property=\"og:image:type\" content=\"image\/jpeg\" \/>\n<meta name=\"twitter:card\" content=\"summary_large_image\" \/>\n<meta name=\"twitter:label1\" content=\"Est. reading time\" \/>\n\t<meta name=\"twitter:data1\" content=\"3 minutes\" \/>\n<script type=\"application\/ld+json\" class=\"yoast-schema-graph\">{\"@context\":\"https:\/\/schema.org\",\"@graph\":[{\"@type\":\"WebPage\",\"@id\":\"https:\/\/neofilologia.uwr.edu.pl\/en\/dziekanat\/\",\"url\":\"https:\/\/neofilologia.uwr.edu.pl\/en\/dziekanat\/\",\"name\":\"Dziekanat - Wydzia\u0142 Neofilologii\",\"isPartOf\":{\"@id\":\"https:\/\/neofilologia.uwr.edu.pl\/#website\"},\"primaryImageOfPage\":{\"@id\":\"https:\/\/neofilologia.uwr.edu.pl\/en\/dziekanat\/#primaryimage\"},\"image\":{\"@id\":\"https:\/\/neofilologia.uwr.edu.pl\/en\/dziekanat\/#primaryimage\"},\"thumbnailUrl\":\"https:\/\/neofilologia.uwr.edu.pl\/wp-content\/uploads\/sites\/546\/2024\/06\/Piasek_schody-scaled.jpg\",\"datePublished\":\"2024-05-20T16:21:01+00:00\",\"dateModified\":\"2026-04-22T11:18:11+00:00\",\"breadcrumb\":{\"@id\":\"https:\/\/neofilologia.uwr.edu.pl\/en\/dziekanat\/#breadcrumb\"},\"inLanguage\":\"en-US\",\"potentialAction\":[{\"@type\":\"ReadAction\",\"target\":[\"https:\/\/neofilologia.uwr.edu.pl\/en\/dziekanat\/\"]}]},{\"@type\":\"ImageObject\",\"inLanguage\":\"en-US\",\"@id\":\"https:\/\/neofilologia.uwr.edu.pl\/en\/dziekanat\/#primaryimage\",\"url\":\"https:\/\/neofilologia.uwr.edu.pl\/wp-content\/uploads\/sites\/546\/2024\/06\/Piasek_schody-scaled.jpg\",\"contentUrl\":\"https:\/\/neofilologia.uwr.edu.pl\/wp-content\/uploads\/sites\/546\/2024\/06\/Piasek_schody-scaled.jpg\",\"width\":2560,\"height\":1707,\"caption\":\"Schody Piasek\"},{\"@type\":\"BreadcrumbList\",\"@id\":\"https:\/\/neofilologia.uwr.edu.pl\/en\/dziekanat\/#breadcrumb\",\"itemListElement\":[{\"@type\":\"ListItem\",\"position\":1,\"name\":\"Strona g\u0142\u00f3wna\",\"item\":\"https:\/\/neofilologia.uwr.edu.pl\/en\/\"},{\"@type\":\"ListItem\",\"position\":2,\"name\":\"Dziekanat\"}]},{\"@type\":\"WebSite\",\"@id\":\"https:\/\/neofilologia.uwr.edu.pl\/#website\",\"url\":\"https:\/\/neofilologia.uwr.edu.pl\/\",\"name\":\"Wydzia\u0142 Neofilologii\",\"description\":\"Kolejna witryna sieci \u201eUWR Witryny\u201d\",\"publisher\":{\"@id\":\"https:\/\/neofilologia.uwr.edu.pl\/#organization\"},\"potentialAction\":[{\"@type\":\"SearchAction\",\"target\":{\"@type\":\"EntryPoint\",\"urlTemplate\":\"https:\/\/neofilologia.uwr.edu.pl\/?s={search_term_string}\"},\"query-input\":{\"@type\":\"PropertyValueSpecification\",\"valueRequired\":true,\"valueName\":\"search_term_string\"}}],\"inLanguage\":\"en-US\"},{\"@type\":\"Organization\",\"@id\":\"https:\/\/neofilologia.uwr.edu.pl\/#organization\",\"name\":\"Wydzia\u0142 Neofilologii\",\"url\":\"https:\/\/neofilologia.uwr.edu.pl\/\",\"logo\":{\"@type\":\"ImageObject\",\"inLanguage\":\"en-US\",\"@id\":\"https:\/\/neofilologia.uwr.edu.pl\/#\/schema\/logo\/image\/\",\"url\":\"https:\/\/neofilologia.uwr.edu.pl\/wp-content\/uploads\/sites\/546\/2025\/10\/UWr-logotyp-2025-1.png\",\"contentUrl\":\"https:\/\/neofilologia.uwr.edu.pl\/wp-content\/uploads\/sites\/546\/2025\/10\/UWr-logotyp-2025-1.png\",\"width\":764,\"height\":269,\"caption\":\"Wydzia\u0142 Neofilologii\"},\"image\":{\"@id\":\"https:\/\/neofilologia.uwr.edu.pl\/#\/schema\/logo\/image\/\"}}]}<\/script>\n<!-- \/ Yoast SEO plugin. -->","yoast_head_json":{"title":"Dziekanat - Wydzia\u0142 Neofilologii","robots":{"index":"index","follow":"follow","max-snippet":"max-snippet:-1","max-image-preview":"max-image-preview:large","max-video-preview":"max-video-preview:-1"},"canonical":"https:\/\/neofilologia.uwr.edu.pl\/en\/dziekanat\/","og_locale":"en_US","og_type":"article","og_title":"Dziekanat - Wydzia\u0142 Neofilologii","og_description":"ul. \u015bw. Jadwigi 3\/4&nbsp;50-266 Wroc\u0142aw&nbsp;II pi\u0119tro Godziny przyjmowania interesant\u00f3w&nbsp; Zach\u0119camy do za\u0142atwiania spraw poprzez kontakt mailowy z pracownicami dziekanatu.&nbsp; Kierownik dziekanatu mgr Iwona Rusowicz tel. +48 71 375 21 53e-mail: iwona.rusowicz@uwr.edu.plpok. 203, II pi\u0119tro (ul. \u015bw. Jadwigi 3\/4) Studia stacjonarne Starszy referentmgr in\u017c. Karolina Mak tel. +48 71 375 21 50e-mail: karolina.mak@uwr.edu.plpok. 202, II pi\u0119tro [&hellip;]","og_url":"https:\/\/neofilologia.uwr.edu.pl\/en\/dziekanat\/","og_site_name":"Wydzia\u0142 Neofilologii","article_modified_time":"2026-04-22T11:18:11+00:00","og_image":[{"width":2560,"height":1707,"url":"https:\/\/neofilologia.uwr.edu.pl\/wp-content\/uploads\/sites\/546\/2024\/06\/Piasek_schody-scaled.jpg","type":"image\/jpeg"}],"twitter_card":"summary_large_image","twitter_misc":{"Est. reading time":"3 minutes"},"schema":{"@context":"https:\/\/schema.org","@graph":[{"@type":"WebPage","@id":"https:\/\/neofilologia.uwr.edu.pl\/en\/dziekanat\/","url":"https:\/\/neofilologia.uwr.edu.pl\/en\/dziekanat\/","name":"Dziekanat - Wydzia\u0142 Neofilologii","isPartOf":{"@id":"https:\/\/neofilologia.uwr.edu.pl\/#website"},"primaryImageOfPage":{"@id":"https:\/\/neofilologia.uwr.edu.pl\/en\/dziekanat\/#primaryimage"},"image":{"@id":"https:\/\/neofilologia.uwr.edu.pl\/en\/dziekanat\/#primaryimage"},"thumbnailUrl":"https:\/\/neofilologia.uwr.edu.pl\/wp-content\/uploads\/sites\/546\/2024\/06\/Piasek_schody-scaled.jpg","datePublished":"2024-05-20T16:21:01+00:00","dateModified":"2026-04-22T11:18:11+00:00","breadcrumb":{"@id":"https:\/\/neofilologia.uwr.edu.pl\/en\/dziekanat\/#breadcrumb"},"inLanguage":"en-US","potentialAction":[{"@type":"ReadAction","target":["https:\/\/neofilologia.uwr.edu.pl\/en\/dziekanat\/"]}]},{"@type":"ImageObject","inLanguage":"en-US","@id":"https:\/\/neofilologia.uwr.edu.pl\/en\/dziekanat\/#primaryimage","url":"https:\/\/neofilologia.uwr.edu.pl\/wp-content\/uploads\/sites\/546\/2024\/06\/Piasek_schody-scaled.jpg","contentUrl":"https:\/\/neofilologia.uwr.edu.pl\/wp-content\/uploads\/sites\/546\/2024\/06\/Piasek_schody-scaled.jpg","width":2560,"height":1707,"caption":"Schody Piasek"},{"@type":"BreadcrumbList","@id":"https:\/\/neofilologia.uwr.edu.pl\/en\/dziekanat\/#breadcrumb","itemListElement":[{"@type":"ListItem","position":1,"name":"Strona g\u0142\u00f3wna","item":"https:\/\/neofilologia.uwr.edu.pl\/en\/"},{"@type":"ListItem","position":2,"name":"Dziekanat"}]},{"@type":"WebSite","@id":"https:\/\/neofilologia.uwr.edu.pl\/#website","url":"https:\/\/neofilologia.uwr.edu.pl\/","name":"Wydzia\u0142 Neofilologii","description":"Kolejna witryna sieci \u201eUWR Witryny\u201d","publisher":{"@id":"https:\/\/neofilologia.uwr.edu.pl\/#organization"},"potentialAction":[{"@type":"SearchAction","target":{"@type":"EntryPoint","urlTemplate":"https:\/\/neofilologia.uwr.edu.pl\/?s={search_term_string}"},"query-input":{"@type":"PropertyValueSpecification","valueRequired":true,"valueName":"search_term_string"}}],"inLanguage":"en-US"},{"@type":"Organization","@id":"https:\/\/neofilologia.uwr.edu.pl\/#organization","name":"Wydzia\u0142 Neofilologii","url":"https:\/\/neofilologia.uwr.edu.pl\/","logo":{"@type":"ImageObject","inLanguage":"en-US","@id":"https:\/\/neofilologia.uwr.edu.pl\/#\/schema\/logo\/image\/","url":"https:\/\/neofilologia.uwr.edu.pl\/wp-content\/uploads\/sites\/546\/2025\/10\/UWr-logotyp-2025-1.png","contentUrl":"https:\/\/neofilologia.uwr.edu.pl\/wp-content\/uploads\/sites\/546\/2025\/10\/UWr-logotyp-2025-1.png","width":764,"height":269,"caption":"Wydzia\u0142 Neofilologii"},"image":{"@id":"https:\/\/neofilologia.uwr.edu.pl\/#\/schema\/logo\/image\/"}}]}},"publishpress_future_action":{"enabled":false,"date":"2026-05-09 07:41:20","action":"change-status","newStatus":"draft","terms":[],"taxonomy":"category","extraData":[]},"publishpress_future_workflow_manual_trigger":{"enabledWorkflows":[]},"_links":{"self":[{"href":"https:\/\/neofilologia.uwr.edu.pl\/en\/wp-json\/wp\/v2\/pages\/36665\/"}],"collection":[{"href":"https:\/\/neofilologia.uwr.edu.pl\/en\/wp-json\/wp\/v2\/pages\/"}],"about":[{"href":"https:\/\/neofilologia.uwr.edu.pl\/en\/wp-json\/wp\/v2\/types\/page\/"}],"author":[{"embeddable":true,"href":"https:\/\/neofilologia.uwr.edu.pl\/en\/wp-json\/wp\/v2\/users\/37\/"}],"replies":[{"embeddable":true,"href":"https:\/\/neofilologia.uwr.edu.pl\/en\/wp-json\/wp\/v2\/comments\/?post=36665"}],"version-history":[{"count":63,"href":"https:\/\/neofilologia.uwr.edu.pl\/en\/wp-json\/wp\/v2\/pages\/36665\/revisions\/"}],"predecessor-version":[{"id":54703,"href":"https:\/\/neofilologia.uwr.edu.pl\/en\/wp-json\/wp\/v2\/pages\/36665\/revisions\/54703\/"}],"wp:featuredmedia":[{"embeddable":true,"href":"https:\/\/neofilologia.uwr.edu.pl\/en\/wp-json\/wp\/v2\/media\/24784\/"}],"wp:attachment":[{"href":"https:\/\/neofilologia.uwr.edu.pl\/en\/wp-json\/wp\/v2\/media\/?parent=36665"}],"wp:term":[{"taxonomy":"category","embeddable":true,"href":"https:\/\/neofilologia.uwr.edu.pl\/en\/wp-json\/wp\/v2\/categories\/?post=36665"},{"taxonomy":"post_tag","embeddable":true,"href":"https:\/\/neofilologia.uwr.edu.pl\/en\/wp-json\/wp\/v2\/tags\/?post=36665"}],"curies":[{"name":"wp","href":"https:\/\/api.w.org\/{rel}","templated":true}]}}